{"id":44438,"date":"2026-04-30T08:23:53","date_gmt":"2026-04-30T08:23:53","guid":{"rendered":"https:\/\/wewalk.io\/?page_id=44438"},"modified":"2026-04-30T08:26:17","modified_gmt":"2026-04-30T08:26:17","slug":"benutzergeschichten","status":"publish","type":"page","link":"https:\/\/wewalk.io\/de\/benutzergeschichten\/","title":{"rendered":"Benutzergeschichten"},"content":{"rendered":"\t\t<div data-elementor-type=\"wp-page\" data-elementor-id=\"44438\" class=\"elementor elementor-44438 elementor-42145\" data-elementor-post-type=\"page\">\n\t\t\t\t<div class=\"elementor-element elementor-element-vI9zwST e-flex e-con-boxed e-con e-parent\" data-id=\"vI9zwST\" data-element_type=\"container\" data-e-type=\"container\">\n\t\t\t\t\t<div class=\"e-con-inner\">\n\t\t\t\t<div class=\"elementor-element elementor-element-bb8pVeK elementor-widget elementor-widget-heading\" data-id=\"bb8pVeK\" data-element_type=\"widget\" data-e-type=\"widget\" data-widget_type=\"heading.default\">\n\t\t\t\t<div class=\"elementor-widget-container\">\n\t\t\t\t\t<h2 class=\"elementor-heading-title elementor-size-default\">Artikel f\u00fcr Sie<\/h2>\t\t\t\t<\/div>\n\t\t\t\t<\/div>\n\t\t\t\t<div class=\"elementor-element elementor-element-TLeDDq6 elementor-widget elementor-widget-heading\" data-id=\"TLeDDq6\" data-element_type=\"widget\" data-e-type=\"widget\" data-widget_type=\"heading.default\">\n\t\t\t\t<div class=\"elementor-widget-container\">\n\t\t\t\t\t<h2 class=\"elementor-heading-title elementor-size-default\">Ansprechende Lekt\u00fcre f\u00fcr Sehbehinderte<\/h2>\t\t\t\t<\/div>\n\t\t\t\t<\/div>\n\t\t\t\t<div class=\"elementor-element elementor-element-Jj0UXL4 elementor-grid-1 elementor-grid-tablet-2 elementor-grid-mobile-1 elementor-posts--thumbnail-top elementor-widget elementor-widget-posts\" data-id=\"Jj0UXL4\" data-element_type=\"widget\" data-e-type=\"widget\" data-settings=\"{&quot;classic_columns&quot;:&quot;1&quot;,&quot;pagination_type&quot;:&quot;numbers&quot;,&quot;classic_columns_tablet&quot;:&quot;2&quot;,&quot;classic_columns_mobile&quot;:&quot;1&quot;,&quot;classic_row_gap&quot;:{&quot;unit&quot;:&quot;px&quot;,&quot;size&quot;:35,&quot;sizes&quot;:[]},&quot;classic_row_gap_tablet&quot;:{&quot;unit&quot;:&quot;px&quot;,&quot;size&quot;:&quot;&quot;,&quot;sizes&quot;:[]},&quot;classic_row_gap_mobile&quot;:{&quot;unit&quot;:&quot;px&quot;,&quot;size&quot;:&quot;&quot;,&quot;sizes&quot;:[]}}\" data-widget_type=\"posts.classic\">\n\t\t\t\t<div class=\"elementor-widget-container\">\n\t\t\t\t\t\t\t<div class=\"elementor-posts-container elementor-posts elementor-posts--skin-classic elementor-grid\" role=\"list\">\n\t\t\t\t<article class=\"elementor-post elementor-grid-item post-44527 post type-post status-publish format-standard hentry category-unkategorisiert\" role=\"listitem\">\n\t\t\t\t<div class=\"elementor-post__text\">\n\t\t\t\t<h3 class=\"elementor-post__title\">\n\t\t\t<a href=\"https:\/\/wewalk.io\/de\/barrieren-ueberwinden-in-deutschland-wie-der-wewalk-smart-cane-2-leben-veraendert\/\" >\n\t\t\t\tBarrieren \u00fcberwinden in Deutschland: Wie der WeWALK Smart Cane 2 Leben ver\u00e4ndert\t\t\t<\/a>\n\t\t<\/h3>\n\t\t\t\t<div class=\"elementor-post__meta-data\">\n\t\t\t\t\t<span class=\"elementor-post-date\">\n\t\t\t30. April 2026\t\t<\/span>\n\t\t\t\t<\/div>\n\t\t\t\t<div class=\"elementor-post__excerpt\">\n\t\t\t<p>K\u00fcrzlich hatten wir die Gelegenheit, Safkan \u00d6cal in Deutschland zu treffen, der uns seine beeindruckende Geschichte und seine ersten Eindr\u00fccke vom WeWALK Smart Cane 2 schilderte. Safkan ist ein 29-j\u00e4hriger Berufs\u00fcbersetzer, dessen Eltern urspr\u00fcnglich aus der T\u00fcrkei stammen. Da er von Geburt an blind ist, hat er sein Leben damit verbracht, die Herausforderungen der physischen Welt zu meistern. Seine Perspektive als Sprachprofi und langj\u00e4hriger Nutzer eines wei\u00dfen Langstocks bietet einen einzigartigen Einblick darin, wie der Smart Cane 2 Unabh\u00e4ngigkeit neu definiert.<\/p>\n\t\t<\/div>\n\t\t\n\t\t<a class=\"elementor-post__read-more\" href=\"https:\/\/wewalk.io\/de\/barrieren-ueberwinden-in-deutschland-wie-der-wewalk-smart-cane-2-leben-veraendert\/\" aria-label=\"Mehr \u00fcber Barrieren \u00fcberwinden in Deutschland: Wie der WeWALK Smart Cane 2 Leben ver\u00e4ndert\" tabindex=\"-1\" >\n\t\t\tRead More \u00bb\t\t<\/a>\n\n\t\t\t\t<\/div>\n\t\t\t\t<\/article>\n\t\t\t\t<\/div>\n\t\t\n\t\t\t\t\t\t<\/div>\n\t\t\t\t<\/div>\n\t\t\t\t\t<\/div>\n\t\t\t\t<\/div>\n\t\t\t\t<\/div>\n\t\t","protected":false},"excerpt":{"rendered":"<p>Artikel f\u00fcr Sie Ansprechende Lekt\u00fcre f\u00fcr Sehbehinderte<\/p>\n","protected":false},"author":16,"featured_media":0,"parent":0,"menu_order":0,"comment_status":"closed","ping_status":"closed","template":"","meta":{"content-type":"","inline_featured_image":false,"footnotes":""},"class_list":["post-44438","page","type-page","status-publish","hentry"],"yoast_head":"<!-- This site is optimized with the Yoast SEO plugin v27.5 - https:\/\/yoast.com\/product\/yoast-seo-wordpress\/ -->\n<title>Benutzergeschichten - WeWALK Smart Cane<\/title>\n<meta name=\"robots\" content=\"index, follow, max-snippet:-1, max-image-preview:large, max-video-preview:-1\" \/>\n<link rel=\"canonical\" href=\"https:\/\/wewalk.io\/de\/benutzergeschichten\/\" \/>\n<meta property=\"og:locale\" content=\"de_DE\" \/>\n<meta property=\"og:type\" content=\"article\" \/>\n<meta property=\"og:title\" content=\"Benutzergeschichten - WeWALK Smart Cane\" \/>\n<meta property=\"og:description\" content=\"Artikel f\u00fcr Sie Ansprechende Lekt\u00fcre f\u00fcr Sehbehinderte\" \/>\n<meta property=\"og:url\" content=\"https:\/\/wewalk.io\/de\/benutzergeschichten\/\" \/>\n<meta property=\"og:site_name\" content=\"WeWALK Smart Cane\" \/>\n<meta property=\"article:publisher\" content=\"https:\/\/www.facebook.com\/wewalkio\" \/>\n<meta property=\"article:modified_time\" content=\"2026-04-30T08:26:17+00:00\" \/>\n<meta name=\"twitter:card\" content=\"summary_large_image\" \/>\n<meta name=\"twitter:site\" content=\"@wewalkio\" \/>\n<meta name=\"twitter:label1\" content=\"Gesch\u00e4tzte Lesezeit\" \/>\n\t<meta name=\"twitter:data1\" content=\"1\u00a0Minute\" \/>\n<script type=\"application\/ld+json\" class=\"yoast-schema-graph\">{\"@context\":\"https:\\\/\\\/schema.org\",\"@graph\":[{\"@type\":\"WebPage\",\"@id\":\"https:\\\/\\\/wewalk.io\\\/de\\\/benutzergeschichten\\\/\",\"url\":\"https:\\\/\\\/wewalk.io\\\/de\\\/benutzergeschichten\\\/\",\"name\":\"Benutzergeschichten - WeWALK Smart Cane\",\"isPartOf\":{\"@id\":\"https:\\\/\\\/wewalk.io\\\/de\\\/#website\"},\"datePublished\":\"2026-04-30T08:23:53+00:00\",\"dateModified\":\"2026-04-30T08:26:17+00:00\",\"breadcrumb\":{\"@id\":\"https:\\\/\\\/wewalk.io\\\/de\\\/benutzergeschichten\\\/#breadcrumb\"},\"inLanguage\":\"de\",\"potentialAction\":[{\"@type\":\"ReadAction\",\"target\":[\"https:\\\/\\\/wewalk.io\\\/de\\\/benutzergeschichten\\\/\"]}]},{\"@type\":\"BreadcrumbList\",\"@id\":\"https:\\\/\\\/wewalk.io\\\/de\\\/benutzergeschichten\\\/#breadcrumb\",\"itemListElement\":[{\"@type\":\"ListItem\",\"position\":1,\"name\":\"Home\",\"item\":\"https:\\\/\\\/wewalk.io\\\/de\\\/\"},{\"@type\":\"ListItem\",\"position\":2,\"name\":\"Benutzergeschichten\"}]},{\"@type\":\"WebSite\",\"@id\":\"https:\\\/\\\/wewalk.io\\\/de\\\/#website\",\"url\":\"https:\\\/\\\/wewalk.io\\\/de\\\/\",\"name\":\"WeWALK Smart Cane\",\"description\":\"Smart Cane for the Visually Impaired\",\"potentialAction\":[{\"@type\":\"SearchAction\",\"target\":{\"@type\":\"EntryPoint\",\"urlTemplate\":\"https:\\\/\\\/wewalk.io\\\/de\\\/?s={search_term_string}\"},\"query-input\":{\"@type\":\"PropertyValueSpecification\",\"valueRequired\":true,\"valueName\":\"search_term_string\"}}],\"inLanguage\":\"de\"}]}<\/script>\n<!-- \/ Yoast SEO plugin. -->","yoast_head_json":{"title":"Benutzergeschichten - WeWALK Smart Cane","robots":{"index":"index","follow":"follow","max-snippet":"max-snippet:-1","max-image-preview":"max-image-preview:large","max-video-preview":"max-video-preview:-1"},"canonical":"https:\/\/wewalk.io\/de\/benutzergeschichten\/","og_locale":"de_DE","og_type":"article","og_title":"Benutzergeschichten - WeWALK Smart Cane","og_description":"Artikel f\u00fcr Sie Ansprechende Lekt\u00fcre f\u00fcr Sehbehinderte","og_url":"https:\/\/wewalk.io\/de\/benutzergeschichten\/","og_site_name":"WeWALK Smart Cane","article_publisher":"https:\/\/www.facebook.com\/wewalkio","article_modified_time":"2026-04-30T08:26:17+00:00","twitter_card":"summary_large_image","twitter_site":"@wewalkio","twitter_misc":{"Gesch\u00e4tzte Lesezeit":"1\u00a0Minute"},"schema":{"@context":"https:\/\/schema.org","@graph":[{"@type":"WebPage","@id":"https:\/\/wewalk.io\/de\/benutzergeschichten\/","url":"https:\/\/wewalk.io\/de\/benutzergeschichten\/","name":"Benutzergeschichten - WeWALK Smart Cane","isPartOf":{"@id":"https:\/\/wewalk.io\/de\/#website"},"datePublished":"2026-04-30T08:23:53+00:00","dateModified":"2026-04-30T08:26:17+00:00","breadcrumb":{"@id":"https:\/\/wewalk.io\/de\/benutzergeschichten\/#breadcrumb"},"inLanguage":"de","potentialAction":[{"@type":"ReadAction","target":["https:\/\/wewalk.io\/de\/benutzergeschichten\/"]}]},{"@type":"BreadcrumbList","@id":"https:\/\/wewalk.io\/de\/benutzergeschichten\/#breadcrumb","itemListElement":[{"@type":"ListItem","position":1,"name":"Home","item":"https:\/\/wewalk.io\/de\/"},{"@type":"ListItem","position":2,"name":"Benutzergeschichten"}]},{"@type":"WebSite","@id":"https:\/\/wewalk.io\/de\/#website","url":"https:\/\/wewalk.io\/de\/","name":"WeWALK Smart Cane","description":"Smart Cane for the Visually Impaired","potentialAction":[{"@type":"SearchAction","target":{"@type":"EntryPoint","urlTemplate":"https:\/\/wewalk.io\/de\/?s={search_term_string}"},"query-input":{"@type":"PropertyValueSpecification","valueRequired":true,"valueName":"search_term_string"}}],"inLanguage":"de"}]}},"jetpack_sharing_enabled":true,"_links":{"self":[{"href":"https:\/\/wewalk.io\/de\/wp-json\/wp\/v2\/pages\/44438","targetHints":{"allow":["GET"]}}],"collection":[{"href":"https:\/\/wewalk.io\/de\/wp-json\/wp\/v2\/pages"}],"about":[{"href":"https:\/\/wewalk.io\/de\/wp-json\/wp\/v2\/types\/page"}],"author":[{"embeddable":true,"href":"https:\/\/wewalk.io\/de\/wp-json\/wp\/v2\/users\/16"}],"replies":[{"embeddable":true,"href":"https:\/\/wewalk.io\/de\/wp-json\/wp\/v2\/comments?post=44438"}],"version-history":[{"count":6,"href":"https:\/\/wewalk.io\/de\/wp-json\/wp\/v2\/pages\/44438\/revisions"}],"predecessor-version":[{"id":44445,"href":"https:\/\/wewalk.io\/de\/wp-json\/wp\/v2\/pages\/44438\/revisions\/44445"}],"wp:attachment":[{"href":"https:\/\/wewalk.io\/de\/wp-json\/wp\/v2\/media?parent=44438"}],"curies":[{"name":"wp","href":"https:\/\/api.w.org\/{rel}","templated":true}]}}